{"id":19783,"date":"2025-07-01T09:50:41","date_gmt":"2025-07-01T09:50:41","guid":{"rendered":"https:\/\/www.clusterfoodmasi.es\/?post_type=podcast&#038;p=19783"},"modified":"2026-02-19T15:08:22","modified_gmt":"2026-02-19T13:08:22","slug":"voces-que-inspiran-el-cambio-liderazgo-en-la-nueva-era-alimentaria","status":"publish","type":"podcast","link":"https:\/\/www.clusterfoodmasi.es\/en\/podcast\/voces-que-inspiran-el-cambio-liderazgo-en-la-nueva-era-alimentaria\/","title":{"rendered":"Voces que Inspiran el Cambio: Liderazgo en la nueva era alimentaria"},"content":{"rendered":"<p>En este cap\u00edtulo nos acompa\u00f1an tres directivos de empresas referentes en el sector alimentario del Valle del Ebro. La responsable de CA del Grupo Apex, Roselyne Chane; la CEO de Mart\u00ednez Somalo, Elena Mart\u00ednez, y el socio fundador y consejero de Tutti Food Grupo, Daniel Palacios.<\/p>\n<p>Con ellos, abrimos un espacio de puesta en com\u00fan para comprender a fondo el momento que vivimos, descubrir c\u00f3mo transformar la incertidumbre en oportunidad y c\u00f3mo la innovaci\u00f3n se convierte en el motor que nos impulsa a seguir construyendo el futuro.<\/p>\n","protected":false},"excerpt":{"rendered":"<p>En este cap\u00edtulo nos acompa\u00f1an tres directivos de empresas referentes en el sector alimentario del Valle del Ebro. La responsable de CA del Grupo Apex, Roselyne Chane; la CEO de Mart\u00ednez Somalo, Elena Mart\u00ednez, y el socio fundador y consejero de Tutti Food Grupo, Daniel Palacios. Con ellos, abrimos un espacio de puesta en com\u00fan [&hellip;]<\/p>\n","protected":false},"author":9,"featured_media":19786,"menu_order":0,"comment_status":"open","ping_status":"closed","template":"","meta":{"_acf_changed":false,"content-type":"","episode_type":"audio","audio_file":"http:\/\/www.clusterfoodmasi.es\/wp-content\/uploads\/2025\/07\/250624-GALAXIA-FOOD-RETOS-1.mp3","podmotor_file_id":"","podmotor_episode_id":"","cover_image":"","cover_image_id":"","duration":"20:32","filesize":"20.72M","filesize_raw":"21725532","date_recorded":"2025-07-01 09:50:41","explicit":"","block":""},"tags":[555,560,561,557,556,559,554,558],"series":[280],"class_list":["post-19783","podcast","type-podcast","status-publish","has-post-thumbnail","hentry","tag-ceo","tag-daniel-palacios","tag-elena-martinez","tag-grupo-apex","tag-martinez-somalo","tag-roselyne-chane","tag-tutti-food-grupo","tag-valle-del-ebro","series-galaxia-food"],"acf":[],"episode_featured_image":"https:\/\/www.clusterfoodmasi.es\/wp-content\/uploads\/2025\/07\/PODCAST-GALAXIA-FOOD-video-45-sec-780X780.png","episode_player_image":"https:\/\/www.clusterfoodmasi.es\/wp-content\/uploads\/2025\/04\/galaxia-food-cover-scaled.jpg","download_link":"https:\/\/www.clusterfoodmasi.es\/en\/podcast-download\/19783\/voces-que-inspiran-el-cambio-liderazgo-en-la-nueva-era-alimentaria","player_link":"https:\/\/www.clusterfoodmasi.es\/en\/podcast-player\/19783\/voces-que-inspiran-el-cambio-liderazgo-en-la-nueva-era-alimentaria","audio_player":"<a class=\"wp-embedded-audio\" href=\"https:\/\/www.clusterfoodmasi.es\/en\/podcast-player\/19783\/voces-que-inspiran-el-cambio-liderazgo-en-la-nueva-era-alimentaria\">https:\/\/www.clusterfoodmasi.es\/en\/podcast-player\/19783\/voces-que-inspiran-el-cambio-liderazgo-en-la-nueva-era-alimentaria<\/a>","episode_data":{"playerMode":"dark","subscribeUrls":{"apple_podcasts":{"key":"apple_podcasts","url":"","label":"Apple Podcasts","class":"apple_podcasts","icon":"apple-podcasts.png"},"google_podcasts":{"key":"google_podcasts","url":"","label":"Google Podcasts","class":"google_podcasts","icon":"google-podcasts.png"},"spotify":{"key":"spotify","url":"","label":"Spotify","class":"spotify","icon":"spotify.png"},"stitcher":{"key":"stitcher","url":"","label":"Stitcher","class":"stitcher","icon":"stitcher.png"}},"rssFeedUrl":"https:\/\/www.clusterfoodmasi.es\/en\/feed\/podcast\/galaxia-food","embedCode":"<blockquote class=\"wp-embedded-content\" data-secret=\"Zskx2SgNur\"><a href=\"https:\/\/www.clusterfoodmasi.es\/en\/podcast\/voces-que-inspiran-el-cambio-liderazgo-en-la-nueva-era-alimentaria\/\">Voces que Inspiran el Cambio: Liderazgo en la nueva era alimentaria<\/a><\/blockquote><iframe sandbox=\"allow-scripts\" security=\"restricted\" src=\"https:\/\/www.clusterfoodmasi.es\/en\/podcast\/voces-que-inspiran-el-cambio-liderazgo-en-la-nueva-era-alimentaria\/embed\/#?secret=Zskx2SgNur\" width=\"500\" height=\"350\" title=\"&#8220;Voces que Inspiran el Cambio: Liderazgo en la nueva era alimentaria&#8221; &#8212; FOOD+i\" data-secret=\"Zskx2SgNur\" frameborder=\"0\" marginwidth=\"0\" marginheight=\"0\" scrolling=\"no\" class=\"wp-embedded-content\"><\/iframe><script type=\"text\/javascript\">\n\/* <![CDATA[ *\/\n\/*! This file is auto-generated *\/\n!function(d,l){\"use strict\";l.querySelector&&d.addEventListener&&\"undefined\"!=typeof URL&&(d.wp=d.wp||{},d.wp.receiveEmbedMessage||(d.wp.receiveEmbedMessage=function(e){var t=e.data;if((t||t.secret||t.message||t.value)&&!\/[^a-zA-Z0-9]\/.test(t.secret)){for(var s,r,n,a=l.querySelectorAll('iframe[data-secret=\"'+t.secret+'\"]'),o=l.querySelectorAll('blockquote[data-secret=\"'+t.secret+'\"]'),c=new RegExp(\"^https?:$\",\"i\"),i=0;i<o.length;i++)o[i].style.display=\"none\";for(i=0;i<a.length;i++)s=a[i],e.source===s.contentWindow&&(s.removeAttribute(\"style\"),\"height\"===t.message?(1e3<(r=parseInt(t.value,10))?r=1e3:~~r<200&&(r=200),s.height=r):\"link\"===t.message&&(r=new URL(s.getAttribute(\"src\")),n=new URL(t.value),c.test(n.protocol))&&n.host===r.host&&l.activeElement===s&&(d.top.location.href=t.value))}},d.addEventListener(\"message\",d.wp.receiveEmbedMessage,!1),l.addEventListener(\"DOMContentLoaded\",function(){for(var e,t,s=l.querySelectorAll(\"iframe.wp-embedded-content\"),r=0;r<s.length;r++)(t=(e=s[r]).getAttribute(\"data-secret\"))||(t=Math.random().toString(36).substring(2,12),e.src+=\"#?secret=\"+t,e.setAttribute(\"data-secret\",t)),e.contentWindow.postMessage({message:\"ready\",secret:t},\"*\")},!1)))}(window,document);\n\/* ]]> *\/\n<\/script>\n"},"yoast_head":"<!-- This site is optimized with the Yoast SEO plugin v27.4 - https:\/\/yoast.com\/product\/yoast-seo-wordpress\/ -->\n<title>Voces que Inspiran el Cambio: Liderazgo en la nueva era alimentaria - FOOD+i<\/title>\n<meta name=\"robots\" content=\"index, follow, max-snippet:-1, max-image-preview:large, max-video-preview:-1\" \/>\n<link rel=\"canonical\" href=\"https:\/\/www.clusterfoodmasi.es\/en\/podcast\/voces-que-inspiran-el-cambio-liderazgo-en-la-nueva-era-alimentaria\/\" \/>\n<meta property=\"og:locale\" content=\"en_US\" \/>\n<meta property=\"og:type\" content=\"article\" \/>\n<meta property=\"og:title\" content=\"Voces que Inspiran el Cambio: Liderazgo en la nueva era alimentaria - FOOD+i\" \/>\n<meta property=\"og:description\" content=\"En este cap\u00edtulo nos acompa\u00f1an tres directivos de empresas referentes en el sector alimentario del Valle del Ebro. La responsable de CA del Grupo Apex, Roselyne Chane; la CEO de Mart\u00ednez Somalo, Elena Mart\u00ednez, y el socio fundador y consejero de Tutti Food Grupo, Daniel Palacios. Con ellos, abrimos un espacio de puesta en com\u00fan [&hellip;]\" \/>\n<meta property=\"og:url\" content=\"https:\/\/www.clusterfoodmasi.es\/en\/podcast\/voces-que-inspiran-el-cambio-liderazgo-en-la-nueva-era-alimentaria\/\" \/>\n<meta property=\"og:site_name\" content=\"FOOD+i\" \/>\n<meta property=\"article:modified_time\" content=\"2026-02-19T13:08:22+00:00\" \/>\n<meta property=\"og:image\" content=\"https:\/\/www.clusterfoodmasi.es\/wp-content\/uploads\/2025\/07\/PODCAST-GALAXIA-FOOD-video-45-sec-780X780.png\" \/>\n\t<meta property=\"og:image:width\" content=\"780\" \/>\n\t<meta property=\"og:image:height\" content=\"780\" \/>\n\t<meta property=\"og:image:type\" content=\"image\/png\" \/>\n<meta name=\"twitter:card\" content=\"summary_large_image\" \/>\n<meta name=\"twitter:label1\" content=\"Est. reading time\" \/>\n\t<meta name=\"twitter:data1\" content=\"1 minute\" \/>\n<script type=\"application\/ld+json\" class=\"yoast-schema-graph\">{\"@context\":\"https:\\\/\\\/schema.org\",\"@graph\":[{\"@type\":\"WebPage\",\"@id\":\"https:\\\/\\\/www.clusterfoodmasi.es\\\/en\\\/podcast\\\/voces-que-inspiran-el-cambio-liderazgo-en-la-nueva-era-alimentaria\\\/\",\"url\":\"https:\\\/\\\/www.clusterfoodmasi.es\\\/en\\\/podcast\\\/voces-que-inspiran-el-cambio-liderazgo-en-la-nueva-era-alimentaria\\\/\",\"name\":\"Voces que Inspiran el Cambio: Liderazgo en la nueva era alimentaria - FOOD+i\",\"isPartOf\":{\"@id\":\"https:\\\/\\\/www.clusterfoodmasi.es\\\/en\\\/#website\"},\"primaryImageOfPage\":{\"@id\":\"https:\\\/\\\/www.clusterfoodmasi.es\\\/en\\\/podcast\\\/voces-que-inspiran-el-cambio-liderazgo-en-la-nueva-era-alimentaria\\\/#primaryimage\"},\"image\":{\"@id\":\"https:\\\/\\\/www.clusterfoodmasi.es\\\/en\\\/podcast\\\/voces-que-inspiran-el-cambio-liderazgo-en-la-nueva-era-alimentaria\\\/#primaryimage\"},\"thumbnailUrl\":\"https:\\\/\\\/www.clusterfoodmasi.es\\\/wp-content\\\/uploads\\\/2025\\\/07\\\/PODCAST-GALAXIA-FOOD-video-45-sec-780X780.png\",\"datePublished\":\"2025-07-01T09:50:41+00:00\",\"dateModified\":\"2026-02-19T13:08:22+00:00\",\"breadcrumb\":{\"@id\":\"https:\\\/\\\/www.clusterfoodmasi.es\\\/en\\\/podcast\\\/voces-que-inspiran-el-cambio-liderazgo-en-la-nueva-era-alimentaria\\\/#breadcrumb\"},\"inLanguage\":\"en-US\",\"potentialAction\":[{\"@type\":\"ReadAction\",\"target\":[\"https:\\\/\\\/www.clusterfoodmasi.es\\\/en\\\/podcast\\\/voces-que-inspiran-el-cambio-liderazgo-en-la-nueva-era-alimentaria\\\/\"]}]},{\"@type\":\"ImageObject\",\"inLanguage\":\"en-US\",\"@id\":\"https:\\\/\\\/www.clusterfoodmasi.es\\\/en\\\/podcast\\\/voces-que-inspiran-el-cambio-liderazgo-en-la-nueva-era-alimentaria\\\/#primaryimage\",\"url\":\"https:\\\/\\\/www.clusterfoodmasi.es\\\/wp-content\\\/uploads\\\/2025\\\/07\\\/PODCAST-GALAXIA-FOOD-video-45-sec-780X780.png\",\"contentUrl\":\"https:\\\/\\\/www.clusterfoodmasi.es\\\/wp-content\\\/uploads\\\/2025\\\/07\\\/PODCAST-GALAXIA-FOOD-video-45-sec-780X780.png\",\"width\":780,\"height\":780},{\"@type\":\"BreadcrumbList\",\"@id\":\"https:\\\/\\\/www.clusterfoodmasi.es\\\/en\\\/podcast\\\/voces-que-inspiran-el-cambio-liderazgo-en-la-nueva-era-alimentaria\\\/#breadcrumb\",\"itemListElement\":[{\"@type\":\"ListItem\",\"position\":1,\"name\":\"Portada\",\"item\":\"https:\\\/\\\/www.clusterfoodmasi.es\\\/en\\\/\"},{\"@type\":\"ListItem\",\"position\":2,\"name\":\"Episode\",\"item\":\"https:\\\/\\\/www.clusterfoodmasi.es\\\/en\\\/podcast\\\/\"},{\"@type\":\"ListItem\",\"position\":3,\"name\":\"Voces que Inspiran el Cambio: Liderazgo en la nueva era alimentaria\"}]},{\"@type\":\"WebSite\",\"@id\":\"https:\\\/\\\/www.clusterfoodmasi.es\\\/en\\\/#website\",\"url\":\"https:\\\/\\\/www.clusterfoodmasi.es\\\/en\\\/\",\"name\":\"FOOD+i\",\"description\":\"Acelera la innovaci\u00f3n en el sector agroalimentario del Valle del Ebro\",\"publisher\":{\"@id\":\"https:\\\/\\\/www.clusterfoodmasi.es\\\/en\\\/#organization\"},\"potentialAction\":[{\"@type\":\"SearchAction\",\"target\":{\"@type\":\"EntryPoint\",\"urlTemplate\":\"https:\\\/\\\/www.clusterfoodmasi.es\\\/en\\\/?s={search_term_string}\"},\"query-input\":{\"@type\":\"PropertyValueSpecification\",\"valueRequired\":true,\"valueName\":\"search_term_string\"}}],\"inLanguage\":\"en-US\"},{\"@type\":\"Organization\",\"@id\":\"https:\\\/\\\/www.clusterfoodmasi.es\\\/en\\\/#organization\",\"name\":\"FOOD+i\",\"url\":\"https:\\\/\\\/www.clusterfoodmasi.es\\\/en\\\/\",\"logo\":{\"@type\":\"ImageObject\",\"inLanguage\":\"en-US\",\"@id\":\"https:\\\/\\\/www.clusterfoodmasi.es\\\/en\\\/#\\\/schema\\\/logo\\\/image\\\/\",\"url\":\"https:\\\/\\\/www.clusterfoodmasi.es\\\/wp-content\\\/uploads\\\/2021\\\/02\\\/cropped-Screenshot_1.png\",\"contentUrl\":\"https:\\\/\\\/www.clusterfoodmasi.es\\\/wp-content\\\/uploads\\\/2021\\\/02\\\/cropped-Screenshot_1.png\",\"width\":174,\"height\":69,\"caption\":\"FOOD+i\"},\"image\":{\"@id\":\"https:\\\/\\\/www.clusterfoodmasi.es\\\/en\\\/#\\\/schema\\\/logo\\\/image\\\/\"}}]}<\/script>\n<!-- \/ Yoast SEO plugin. -->","yoast_head_json":{"title":"Voces que Inspiran el Cambio: Liderazgo en la nueva era alimentaria - FOOD+i","robots":{"index":"index","follow":"follow","max-snippet":"max-snippet:-1","max-image-preview":"max-image-preview:large","max-video-preview":"max-video-preview:-1"},"canonical":"https:\/\/www.clusterfoodmasi.es\/en\/podcast\/voces-que-inspiran-el-cambio-liderazgo-en-la-nueva-era-alimentaria\/","og_locale":"en_US","og_type":"article","og_title":"Voces que Inspiran el Cambio: Liderazgo en la nueva era alimentaria - FOOD+i","og_description":"En este cap\u00edtulo nos acompa\u00f1an tres directivos de empresas referentes en el sector alimentario del Valle del Ebro. La responsable de CA del Grupo Apex, Roselyne Chane; la CEO de Mart\u00ednez Somalo, Elena Mart\u00ednez, y el socio fundador y consejero de Tutti Food Grupo, Daniel Palacios. Con ellos, abrimos un espacio de puesta en com\u00fan [&hellip;]","og_url":"https:\/\/www.clusterfoodmasi.es\/en\/podcast\/voces-que-inspiran-el-cambio-liderazgo-en-la-nueva-era-alimentaria\/","og_site_name":"FOOD+i","article_modified_time":"2026-02-19T13:08:22+00:00","og_image":[{"width":780,"height":780,"url":"https:\/\/www.clusterfoodmasi.es\/wp-content\/uploads\/2025\/07\/PODCAST-GALAXIA-FOOD-video-45-sec-780X780.png","type":"image\/png"}],"twitter_card":"summary_large_image","twitter_misc":{"Est. reading time":"1 minute"},"schema":{"@context":"https:\/\/schema.org","@graph":[{"@type":"WebPage","@id":"https:\/\/www.clusterfoodmasi.es\/en\/podcast\/voces-que-inspiran-el-cambio-liderazgo-en-la-nueva-era-alimentaria\/","url":"https:\/\/www.clusterfoodmasi.es\/en\/podcast\/voces-que-inspiran-el-cambio-liderazgo-en-la-nueva-era-alimentaria\/","name":"Voces que Inspiran el Cambio: Liderazgo en la nueva era alimentaria - FOOD+i","isPartOf":{"@id":"https:\/\/www.clusterfoodmasi.es\/en\/#website"},"primaryImageOfPage":{"@id":"https:\/\/www.clusterfoodmasi.es\/en\/podcast\/voces-que-inspiran-el-cambio-liderazgo-en-la-nueva-era-alimentaria\/#primaryimage"},"image":{"@id":"https:\/\/www.clusterfoodmasi.es\/en\/podcast\/voces-que-inspiran-el-cambio-liderazgo-en-la-nueva-era-alimentaria\/#primaryimage"},"thumbnailUrl":"https:\/\/www.clusterfoodmasi.es\/wp-content\/uploads\/2025\/07\/PODCAST-GALAXIA-FOOD-video-45-sec-780X780.png","datePublished":"2025-07-01T09:50:41+00:00","dateModified":"2026-02-19T13:08:22+00:00","breadcrumb":{"@id":"https:\/\/www.clusterfoodmasi.es\/en\/podcast\/voces-que-inspiran-el-cambio-liderazgo-en-la-nueva-era-alimentaria\/#breadcrumb"},"inLanguage":"en-US","potentialAction":[{"@type":"ReadAction","target":["https:\/\/www.clusterfoodmasi.es\/en\/podcast\/voces-que-inspiran-el-cambio-liderazgo-en-la-nueva-era-alimentaria\/"]}]},{"@type":"ImageObject","inLanguage":"en-US","@id":"https:\/\/www.clusterfoodmasi.es\/en\/podcast\/voces-que-inspiran-el-cambio-liderazgo-en-la-nueva-era-alimentaria\/#primaryimage","url":"https:\/\/www.clusterfoodmasi.es\/wp-content\/uploads\/2025\/07\/PODCAST-GALAXIA-FOOD-video-45-sec-780X780.png","contentUrl":"https:\/\/www.clusterfoodmasi.es\/wp-content\/uploads\/2025\/07\/PODCAST-GALAXIA-FOOD-video-45-sec-780X780.png","width":780,"height":780},{"@type":"BreadcrumbList","@id":"https:\/\/www.clusterfoodmasi.es\/en\/podcast\/voces-que-inspiran-el-cambio-liderazgo-en-la-nueva-era-alimentaria\/#breadcrumb","itemListElement":[{"@type":"ListItem","position":1,"name":"Portada","item":"https:\/\/www.clusterfoodmasi.es\/en\/"},{"@type":"ListItem","position":2,"name":"Episode","item":"https:\/\/www.clusterfoodmasi.es\/en\/podcast\/"},{"@type":"ListItem","position":3,"name":"Voces que Inspiran el Cambio: Liderazgo en la nueva era alimentaria"}]},{"@type":"WebSite","@id":"https:\/\/www.clusterfoodmasi.es\/en\/#website","url":"https:\/\/www.clusterfoodmasi.es\/en\/","name":"FOOD+i","description":"Acelera la innovaci\u00f3n en el sector agroalimentario del Valle del Ebro","publisher":{"@id":"https:\/\/www.clusterfoodmasi.es\/en\/#organization"},"potentialAction":[{"@type":"SearchAction","target":{"@type":"EntryPoint","urlTemplate":"https:\/\/www.clusterfoodmasi.es\/en\/?s={search_term_string}"},"query-input":{"@type":"PropertyValueSpecification","valueRequired":true,"valueName":"search_term_string"}}],"inLanguage":"en-US"},{"@type":"Organization","@id":"https:\/\/www.clusterfoodmasi.es\/en\/#organization","name":"FOOD+i","url":"https:\/\/www.clusterfoodmasi.es\/en\/","logo":{"@type":"ImageObject","inLanguage":"en-US","@id":"https:\/\/www.clusterfoodmasi.es\/en\/#\/schema\/logo\/image\/","url":"https:\/\/www.clusterfoodmasi.es\/wp-content\/uploads\/2021\/02\/cropped-Screenshot_1.png","contentUrl":"https:\/\/www.clusterfoodmasi.es\/wp-content\/uploads\/2021\/02\/cropped-Screenshot_1.png","width":174,"height":69,"caption":"FOOD+i"},"image":{"@id":"https:\/\/www.clusterfoodmasi.es\/en\/#\/schema\/logo\/image\/"}}]}},"_links":{"self":[{"href":"https:\/\/www.clusterfoodmasi.es\/en\/wp-json\/wp\/v2\/podcast\/19783","targetHints":{"allow":["GET"]}}],"collection":[{"href":"https:\/\/www.clusterfoodmasi.es\/en\/wp-json\/wp\/v2\/podcast"}],"about":[{"href":"https:\/\/www.clusterfoodmasi.es\/en\/wp-json\/wp\/v2\/types\/podcast"}],"author":[{"embeddable":true,"href":"https:\/\/www.clusterfoodmasi.es\/en\/wp-json\/wp\/v2\/users\/9"}],"replies":[{"embeddable":true,"href":"https:\/\/www.clusterfoodmasi.es\/en\/wp-json\/wp\/v2\/comments?post=19783"}],"wp:featuredmedia":[{"embeddable":true,"href":"https:\/\/www.clusterfoodmasi.es\/en\/wp-json\/wp\/v2\/media\/19786"}],"wp:attachment":[{"href":"https:\/\/www.clusterfoodmasi.es\/en\/wp-json\/wp\/v2\/media?parent=19783"}],"wp:term":[{"taxonomy":"post_tag","embeddable":true,"href":"https:\/\/www.clusterfoodmasi.es\/en\/wp-json\/wp\/v2\/tags?post=19783"},{"taxonomy":"series","embeddable":true,"href":"https:\/\/www.clusterfoodmasi.es\/en\/wp-json\/wp\/v2\/series?post=19783"}],"curies":[{"name":"wp","href":"https:\/\/api.w.org\/{rel}","templated":true}]}}