{"id":16965,"date":"2024-07-30T07:14:11","date_gmt":"2024-07-30T07:14:11","guid":{"rendered":"https:\/\/www.clusterfoodmasi.es\/?post_type=podcast&#038;p=16965"},"modified":"2025-04-14T08:32:16","modified_gmt":"2025-04-14T08:32:16","slug":"ftalks-food-summit-radiografia-del-ecosistema-innovador","status":"publish","type":"podcast","link":"https:\/\/www.clusterfoodmasi.es\/en\/podcast\/ftalks-food-summit-radiografia-del-ecosistema-innovador\/","title":{"rendered":"FTALKS FOOD SUMMIT. RADIOGRAF\u00cdA DEL ECOSISTEMA INNOVADOR"},"content":{"rendered":"<p>GALAXIA FOOD viaja en este cap\u00edtulo hasta Valencia, donde se ha celebrado\u00a0la \u00faltima edici\u00f3n del encuentro <strong>FTALKS<\/strong>\u00a0<strong>FOOD SUMMIT<\/strong>, organizado de nuevo por KM Zero Food Innovation Hub. En esta sexta ocasi\u00f3n, m\u00e1s de 600 personas, procedentes de m\u00e1s de 25 pa\u00edses y vinculadas a fondos de inversi\u00f3n, startups empresas u otras entidades, han participado en esta cita para <strong>identificar y explorar los principales desaf\u00edos de la industria alimentaria<\/strong>.<\/p>\n","protected":false},"excerpt":{"rendered":"<p>GALAXIA FOOD viaja en este cap\u00edtulo hasta Valencia, donde se ha celebrado\u00a0la \u00faltima edici\u00f3n del encuentro FTALKS\u00a0FOOD SUMMIT, organizado de nuevo por KM Zero Food Innovation Hub. En esta sexta ocasi\u00f3n, m\u00e1s de 600 personas, procedentes de m\u00e1s de 25 pa\u00edses y vinculadas a fondos de inversi\u00f3n, startups empresas u otras entidades, han participado en [&hellip;]<\/p>\n","protected":false},"author":1,"featured_media":16968,"menu_order":0,"comment_status":"open","ping_status":"closed","template":"","meta":{"_acf_changed":false,"content-type":"","episode_type":"audio","audio_file":"https:\/\/www.clusterfoodmasi.es\/wp-content\/uploads\/2024\/07\/240716-GALAXIA-FOOD-CAPITULO-5-FTALKS-SUMMIT-VALENCIA.mp3","podmotor_file_id":"","podmotor_episode_id":"","cover_image":"","cover_image_id":"","duration":"17:50","filesize":"19.63M","filesize_raw":"20580336","date_recorded":"2024-07-30 07:14:11","explicit":"","block":""},"tags":[313,314,286,315,317,285,316],"series":[280],"class_list":["post-16965","podcast","type-podcast","status-publish","has-post-thumbnail","hentry","tag-ftalks","tag-ftalks-food-summit","tag-galaxia-food","tag-km-zero-food-innovation-hub","tag-levprot","tag-podcast","tag-valencia","series-galaxia-food"],"acf":[],"episode_featured_image":"https:\/\/www.clusterfoodmasi.es\/wp-content\/uploads\/2024\/07\/CAPITULO-5-FTALKS.png","episode_player_image":"https:\/\/www.clusterfoodmasi.es\/wp-content\/uploads\/2025\/04\/galaxia-food-cover-scaled.jpg","download_link":"https:\/\/www.clusterfoodmasi.es\/en\/podcast-download\/16965\/ftalks-food-summit-radiografia-del-ecosistema-innovador","player_link":"https:\/\/www.clusterfoodmasi.es\/en\/podcast-player\/16965\/ftalks-food-summit-radiografia-del-ecosistema-innovador","audio_player":"<a class=\"wp-embedded-audio\" href=\"https:\/\/www.clusterfoodmasi.es\/en\/podcast-player\/16965\/ftalks-food-summit-radiografia-del-ecosistema-innovador\">https:\/\/www.clusterfoodmasi.es\/en\/podcast-player\/16965\/ftalks-food-summit-radiografia-del-ecosistema-innovador<\/a>","episode_data":{"playerMode":"dark","subscribeUrls":{"apple_podcasts":{"key":"apple_podcasts","url":"","label":"Apple Podcasts","class":"apple_podcasts","icon":"apple-podcasts.png"},"google_podcasts":{"key":"google_podcasts","url":"","label":"Google Podcasts","class":"google_podcasts","icon":"google-podcasts.png"},"spotify":{"key":"spotify","url":"","label":"Spotify","class":"spotify","icon":"spotify.png"},"stitcher":{"key":"stitcher","url":"","label":"Stitcher","class":"stitcher","icon":"stitcher.png"}},"rssFeedUrl":"https:\/\/www.clusterfoodmasi.es\/en\/feed\/podcast\/galaxia-food","embedCode":"<blockquote class=\"wp-embedded-content\" data-secret=\"AK6Bk5MVzA\"><a href=\"https:\/\/www.clusterfoodmasi.es\/en\/podcast\/ftalks-food-summit-radiografia-del-ecosistema-innovador\/\">FTALKS FOOD SUMMIT. RADIOGRAF\u00cdA DEL ECOSISTEMA INNOVADOR<\/a><\/blockquote><iframe sandbox=\"allow-scripts\" security=\"restricted\" src=\"https:\/\/www.clusterfoodmasi.es\/en\/podcast\/ftalks-food-summit-radiografia-del-ecosistema-innovador\/embed\/#?secret=AK6Bk5MVzA\" width=\"500\" height=\"350\" title=\"&#8220;FTALKS FOOD SUMMIT. RADIOGRAF\u00cdA DEL ECOSISTEMA INNOVADOR&#8221; &#8212; FOOD+i\" data-secret=\"AK6Bk5MVzA\" frameborder=\"0\" marginwidth=\"0\" marginheight=\"0\" scrolling=\"no\" class=\"wp-embedded-content\"><\/iframe><script type=\"text\/javascript\">\n\/* <![CDATA[ *\/\n\/*! This file is auto-generated *\/\n!function(d,l){\"use strict\";l.querySelector&&d.addEventListener&&\"undefined\"!=typeof URL&&(d.wp=d.wp||{},d.wp.receiveEmbedMessage||(d.wp.receiveEmbedMessage=function(e){var t=e.data;if((t||t.secret||t.message||t.value)&&!\/[^a-zA-Z0-9]\/.test(t.secret)){for(var s,r,n,a=l.querySelectorAll('iframe[data-secret=\"'+t.secret+'\"]'),o=l.querySelectorAll('blockquote[data-secret=\"'+t.secret+'\"]'),c=new RegExp(\"^https?:$\",\"i\"),i=0;i<o.length;i++)o[i].style.display=\"none\";for(i=0;i<a.length;i++)s=a[i],e.source===s.contentWindow&&(s.removeAttribute(\"style\"),\"height\"===t.message?(1e3<(r=parseInt(t.value,10))?r=1e3:~~r<200&&(r=200),s.height=r):\"link\"===t.message&&(r=new URL(s.getAttribute(\"src\")),n=new URL(t.value),c.test(n.protocol))&&n.host===r.host&&l.activeElement===s&&(d.top.location.href=t.value))}},d.addEventListener(\"message\",d.wp.receiveEmbedMessage,!1),l.addEventListener(\"DOMContentLoaded\",function(){for(var e,t,s=l.querySelectorAll(\"iframe.wp-embedded-content\"),r=0;r<s.length;r++)(t=(e=s[r]).getAttribute(\"data-secret\"))||(t=Math.random().toString(36).substring(2,12),e.src+=\"#?secret=\"+t,e.setAttribute(\"data-secret\",t)),e.contentWindow.postMessage({message:\"ready\",secret:t},\"*\")},!1)))}(window,document);\n\/* ]]> *\/\n<\/script>\n"},"yoast_head":"<!-- This site is optimized with the Yoast SEO plugin v27.4 - https:\/\/yoast.com\/product\/yoast-seo-wordpress\/ -->\n<title>FTALKS FOOD SUMMIT. RADIOGRAF\u00cdA DEL ECOSISTEMA INNOVADOR - FOOD+i<\/title>\n<meta name=\"robots\" content=\"index, follow, max-snippet:-1, max-image-preview:large, max-video-preview:-1\" \/>\n<link rel=\"canonical\" href=\"https:\/\/www.clusterfoodmasi.es\/en\/podcast\/ftalks-food-summit-radiografia-del-ecosistema-innovador\/\" \/>\n<meta property=\"og:locale\" content=\"en_US\" \/>\n<meta property=\"og:type\" content=\"article\" \/>\n<meta property=\"og:title\" content=\"FTALKS FOOD SUMMIT. RADIOGRAF\u00cdA DEL ECOSISTEMA INNOVADOR - FOOD+i\" \/>\n<meta property=\"og:description\" content=\"GALAXIA FOOD viaja en este cap\u00edtulo hasta Valencia, donde se ha celebrado\u00a0la \u00faltima edici\u00f3n del encuentro FTALKS\u00a0FOOD SUMMIT, organizado de nuevo por KM Zero Food Innovation Hub. En esta sexta ocasi\u00f3n, m\u00e1s de 600 personas, procedentes de m\u00e1s de 25 pa\u00edses y vinculadas a fondos de inversi\u00f3n, startups empresas u otras entidades, han participado en [&hellip;]\" \/>\n<meta property=\"og:url\" content=\"https:\/\/www.clusterfoodmasi.es\/en\/podcast\/ftalks-food-summit-radiografia-del-ecosistema-innovador\/\" \/>\n<meta property=\"og:site_name\" content=\"FOOD+i\" \/>\n<meta property=\"article:modified_time\" content=\"2025-04-14T08:32:16+00:00\" \/>\n<meta property=\"og:image\" content=\"https:\/\/www.clusterfoodmasi.es\/wp-content\/uploads\/2024\/07\/CAPITULO-5-FTALKS.png\" \/>\n\t<meta property=\"og:image:width\" content=\"320\" \/>\n\t<meta property=\"og:image:height\" content=\"240\" \/>\n\t<meta property=\"og:image:type\" content=\"image\/png\" \/>\n<meta name=\"twitter:card\" content=\"summary_large_image\" \/>\n<meta name=\"twitter:label1\" content=\"Est. reading time\" \/>\n\t<meta name=\"twitter:data1\" content=\"1 minute\" \/>\n<script type=\"application\/ld+json\" class=\"yoast-schema-graph\">{\"@context\":\"https:\\\/\\\/schema.org\",\"@graph\":[{\"@type\":\"WebPage\",\"@id\":\"https:\\\/\\\/www.clusterfoodmasi.es\\\/en\\\/podcast\\\/ftalks-food-summit-radiografia-del-ecosistema-innovador\\\/\",\"url\":\"https:\\\/\\\/www.clusterfoodmasi.es\\\/en\\\/podcast\\\/ftalks-food-summit-radiografia-del-ecosistema-innovador\\\/\",\"name\":\"FTALKS FOOD SUMMIT. RADIOGRAF\u00cdA DEL ECOSISTEMA INNOVADOR - FOOD+i\",\"isPartOf\":{\"@id\":\"https:\\\/\\\/www.clusterfoodmasi.es\\\/en\\\/#website\"},\"primaryImageOfPage\":{\"@id\":\"https:\\\/\\\/www.clusterfoodmasi.es\\\/en\\\/podcast\\\/ftalks-food-summit-radiografia-del-ecosistema-innovador\\\/#primaryimage\"},\"image\":{\"@id\":\"https:\\\/\\\/www.clusterfoodmasi.es\\\/en\\\/podcast\\\/ftalks-food-summit-radiografia-del-ecosistema-innovador\\\/#primaryimage\"},\"thumbnailUrl\":\"https:\\\/\\\/www.clusterfoodmasi.es\\\/wp-content\\\/uploads\\\/2024\\\/07\\\/CAPITULO-5-FTALKS.png\",\"datePublished\":\"2024-07-30T07:14:11+00:00\",\"dateModified\":\"2025-04-14T08:32:16+00:00\",\"breadcrumb\":{\"@id\":\"https:\\\/\\\/www.clusterfoodmasi.es\\\/en\\\/podcast\\\/ftalks-food-summit-radiografia-del-ecosistema-innovador\\\/#breadcrumb\"},\"inLanguage\":\"en-US\",\"potentialAction\":[{\"@type\":\"ReadAction\",\"target\":[\"https:\\\/\\\/www.clusterfoodmasi.es\\\/en\\\/podcast\\\/ftalks-food-summit-radiografia-del-ecosistema-innovador\\\/\"]}]},{\"@type\":\"ImageObject\",\"inLanguage\":\"en-US\",\"@id\":\"https:\\\/\\\/www.clusterfoodmasi.es\\\/en\\\/podcast\\\/ftalks-food-summit-radiografia-del-ecosistema-innovador\\\/#primaryimage\",\"url\":\"https:\\\/\\\/www.clusterfoodmasi.es\\\/wp-content\\\/uploads\\\/2024\\\/07\\\/CAPITULO-5-FTALKS.png\",\"contentUrl\":\"https:\\\/\\\/www.clusterfoodmasi.es\\\/wp-content\\\/uploads\\\/2024\\\/07\\\/CAPITULO-5-FTALKS.png\",\"width\":320,\"height\":240},{\"@type\":\"BreadcrumbList\",\"@id\":\"https:\\\/\\\/www.clusterfoodmasi.es\\\/en\\\/podcast\\\/ftalks-food-summit-radiografia-del-ecosistema-innovador\\\/#breadcrumb\",\"itemListElement\":[{\"@type\":\"ListItem\",\"position\":1,\"name\":\"Portada\",\"item\":\"https:\\\/\\\/www.clusterfoodmasi.es\\\/en\\\/\"},{\"@type\":\"ListItem\",\"position\":2,\"name\":\"Episode\",\"item\":\"https:\\\/\\\/www.clusterfoodmasi.es\\\/en\\\/podcast\\\/\"},{\"@type\":\"ListItem\",\"position\":3,\"name\":\"FTALKS FOOD SUMMIT. RADIOGRAF\u00cdA DEL ECOSISTEMA INNOVADOR\"}]},{\"@type\":\"WebSite\",\"@id\":\"https:\\\/\\\/www.clusterfoodmasi.es\\\/en\\\/#website\",\"url\":\"https:\\\/\\\/www.clusterfoodmasi.es\\\/en\\\/\",\"name\":\"FOOD+i\",\"description\":\"Acelera la innovaci\u00f3n en el sector agroalimentario del Valle del Ebro\",\"publisher\":{\"@id\":\"https:\\\/\\\/www.clusterfoodmasi.es\\\/en\\\/#organization\"},\"potentialAction\":[{\"@type\":\"SearchAction\",\"target\":{\"@type\":\"EntryPoint\",\"urlTemplate\":\"https:\\\/\\\/www.clusterfoodmasi.es\\\/en\\\/?s={search_term_string}\"},\"query-input\":{\"@type\":\"PropertyValueSpecification\",\"valueRequired\":true,\"valueName\":\"search_term_string\"}}],\"inLanguage\":\"en-US\"},{\"@type\":\"Organization\",\"@id\":\"https:\\\/\\\/www.clusterfoodmasi.es\\\/en\\\/#organization\",\"name\":\"FOOD+i\",\"url\":\"https:\\\/\\\/www.clusterfoodmasi.es\\\/en\\\/\",\"logo\":{\"@type\":\"ImageObject\",\"inLanguage\":\"en-US\",\"@id\":\"https:\\\/\\\/www.clusterfoodmasi.es\\\/en\\\/#\\\/schema\\\/logo\\\/image\\\/\",\"url\":\"https:\\\/\\\/www.clusterfoodmasi.es\\\/wp-content\\\/uploads\\\/2021\\\/02\\\/cropped-Screenshot_1.png\",\"contentUrl\":\"https:\\\/\\\/www.clusterfoodmasi.es\\\/wp-content\\\/uploads\\\/2021\\\/02\\\/cropped-Screenshot_1.png\",\"width\":174,\"height\":69,\"caption\":\"FOOD+i\"},\"image\":{\"@id\":\"https:\\\/\\\/www.clusterfoodmasi.es\\\/en\\\/#\\\/schema\\\/logo\\\/image\\\/\"}}]}<\/script>\n<!-- \/ Yoast SEO plugin. -->","yoast_head_json":{"title":"FTALKS FOOD SUMMIT. RADIOGRAF\u00cdA DEL ECOSISTEMA INNOVADOR - FOOD+i","robots":{"index":"index","follow":"follow","max-snippet":"max-snippet:-1","max-image-preview":"max-image-preview:large","max-video-preview":"max-video-preview:-1"},"canonical":"https:\/\/www.clusterfoodmasi.es\/en\/podcast\/ftalks-food-summit-radiografia-del-ecosistema-innovador\/","og_locale":"en_US","og_type":"article","og_title":"FTALKS FOOD SUMMIT. RADIOGRAF\u00cdA DEL ECOSISTEMA INNOVADOR - FOOD+i","og_description":"GALAXIA FOOD viaja en este cap\u00edtulo hasta Valencia, donde se ha celebrado\u00a0la \u00faltima edici\u00f3n del encuentro FTALKS\u00a0FOOD SUMMIT, organizado de nuevo por KM Zero Food Innovation Hub. En esta sexta ocasi\u00f3n, m\u00e1s de 600 personas, procedentes de m\u00e1s de 25 pa\u00edses y vinculadas a fondos de inversi\u00f3n, startups empresas u otras entidades, han participado en [&hellip;]","og_url":"https:\/\/www.clusterfoodmasi.es\/en\/podcast\/ftalks-food-summit-radiografia-del-ecosistema-innovador\/","og_site_name":"FOOD+i","article_modified_time":"2025-04-14T08:32:16+00:00","og_image":[{"width":320,"height":240,"url":"https:\/\/www.clusterfoodmasi.es\/wp-content\/uploads\/2024\/07\/CAPITULO-5-FTALKS.png","type":"image\/png"}],"twitter_card":"summary_large_image","twitter_misc":{"Est. reading time":"1 minute"},"schema":{"@context":"https:\/\/schema.org","@graph":[{"@type":"WebPage","@id":"https:\/\/www.clusterfoodmasi.es\/en\/podcast\/ftalks-food-summit-radiografia-del-ecosistema-innovador\/","url":"https:\/\/www.clusterfoodmasi.es\/en\/podcast\/ftalks-food-summit-radiografia-del-ecosistema-innovador\/","name":"FTALKS FOOD SUMMIT. RADIOGRAF\u00cdA DEL ECOSISTEMA INNOVADOR - FOOD+i","isPartOf":{"@id":"https:\/\/www.clusterfoodmasi.es\/en\/#website"},"primaryImageOfPage":{"@id":"https:\/\/www.clusterfoodmasi.es\/en\/podcast\/ftalks-food-summit-radiografia-del-ecosistema-innovador\/#primaryimage"},"image":{"@id":"https:\/\/www.clusterfoodmasi.es\/en\/podcast\/ftalks-food-summit-radiografia-del-ecosistema-innovador\/#primaryimage"},"thumbnailUrl":"https:\/\/www.clusterfoodmasi.es\/wp-content\/uploads\/2024\/07\/CAPITULO-5-FTALKS.png","datePublished":"2024-07-30T07:14:11+00:00","dateModified":"2025-04-14T08:32:16+00:00","breadcrumb":{"@id":"https:\/\/www.clusterfoodmasi.es\/en\/podcast\/ftalks-food-summit-radiografia-del-ecosistema-innovador\/#breadcrumb"},"inLanguage":"en-US","potentialAction":[{"@type":"ReadAction","target":["https:\/\/www.clusterfoodmasi.es\/en\/podcast\/ftalks-food-summit-radiografia-del-ecosistema-innovador\/"]}]},{"@type":"ImageObject","inLanguage":"en-US","@id":"https:\/\/www.clusterfoodmasi.es\/en\/podcast\/ftalks-food-summit-radiografia-del-ecosistema-innovador\/#primaryimage","url":"https:\/\/www.clusterfoodmasi.es\/wp-content\/uploads\/2024\/07\/CAPITULO-5-FTALKS.png","contentUrl":"https:\/\/www.clusterfoodmasi.es\/wp-content\/uploads\/2024\/07\/CAPITULO-5-FTALKS.png","width":320,"height":240},{"@type":"BreadcrumbList","@id":"https:\/\/www.clusterfoodmasi.es\/en\/podcast\/ftalks-food-summit-radiografia-del-ecosistema-innovador\/#breadcrumb","itemListElement":[{"@type":"ListItem","position":1,"name":"Portada","item":"https:\/\/www.clusterfoodmasi.es\/en\/"},{"@type":"ListItem","position":2,"name":"Episode","item":"https:\/\/www.clusterfoodmasi.es\/en\/podcast\/"},{"@type":"ListItem","position":3,"name":"FTALKS FOOD SUMMIT. RADIOGRAF\u00cdA DEL ECOSISTEMA INNOVADOR"}]},{"@type":"WebSite","@id":"https:\/\/www.clusterfoodmasi.es\/en\/#website","url":"https:\/\/www.clusterfoodmasi.es\/en\/","name":"FOOD+i","description":"Acelera la innovaci\u00f3n en el sector agroalimentario del Valle del Ebro","publisher":{"@id":"https:\/\/www.clusterfoodmasi.es\/en\/#organization"},"potentialAction":[{"@type":"SearchAction","target":{"@type":"EntryPoint","urlTemplate":"https:\/\/www.clusterfoodmasi.es\/en\/?s={search_term_string}"},"query-input":{"@type":"PropertyValueSpecification","valueRequired":true,"valueName":"search_term_string"}}],"inLanguage":"en-US"},{"@type":"Organization","@id":"https:\/\/www.clusterfoodmasi.es\/en\/#organization","name":"FOOD+i","url":"https:\/\/www.clusterfoodmasi.es\/en\/","logo":{"@type":"ImageObject","inLanguage":"en-US","@id":"https:\/\/www.clusterfoodmasi.es\/en\/#\/schema\/logo\/image\/","url":"https:\/\/www.clusterfoodmasi.es\/wp-content\/uploads\/2021\/02\/cropped-Screenshot_1.png","contentUrl":"https:\/\/www.clusterfoodmasi.es\/wp-content\/uploads\/2021\/02\/cropped-Screenshot_1.png","width":174,"height":69,"caption":"FOOD+i"},"image":{"@id":"https:\/\/www.clusterfoodmasi.es\/en\/#\/schema\/logo\/image\/"}}]}},"_links":{"self":[{"href":"https:\/\/www.clusterfoodmasi.es\/en\/wp-json\/wp\/v2\/podcast\/16965","targetHints":{"allow":["GET"]}}],"collection":[{"href":"https:\/\/www.clusterfoodmasi.es\/en\/wp-json\/wp\/v2\/podcast"}],"about":[{"href":"https:\/\/www.clusterfoodmasi.es\/en\/wp-json\/wp\/v2\/types\/podcast"}],"author":[{"embeddable":true,"href":"https:\/\/www.clusterfoodmasi.es\/en\/wp-json\/wp\/v2\/users\/1"}],"replies":[{"embeddable":true,"href":"https:\/\/www.clusterfoodmasi.es\/en\/wp-json\/wp\/v2\/comments?post=16965"}],"wp:featuredmedia":[{"embeddable":true,"href":"https:\/\/www.clusterfoodmasi.es\/en\/wp-json\/wp\/v2\/media\/16968"}],"wp:attachment":[{"href":"https:\/\/www.clusterfoodmasi.es\/en\/wp-json\/wp\/v2\/media?parent=16965"}],"wp:term":[{"taxonomy":"post_tag","embeddable":true,"href":"https:\/\/www.clusterfoodmasi.es\/en\/wp-json\/wp\/v2\/tags?post=16965"},{"taxonomy":"series","embeddable":true,"href":"https:\/\/www.clusterfoodmasi.es\/en\/wp-json\/wp\/v2\/series?post=16965"}],"curies":[{"name":"wp","href":"https:\/\/api.w.org\/{rel}","templated":true}]}}